{"id":481,"date":"2023-07-13T19:03:50","date_gmt":"2023-07-13T17:03:50","guid":{"rendered":"https:\/\/visualpractitioners.ch\/devenir-membre\/"},"modified":"2024-01-11T18:47:42","modified_gmt":"2024-01-11T17:47:42","slug":"devenir-membre","status":"publish","type":"page","link":"https:\/\/visualpractitioners.ch\/fr\/devenir-membre\/","title":{"rendered":"Devenir membre"},"content":{"rendered":"<h1><a href=\"https:\/\/visualpractitioners.ch\/?page_id=232\">Devenir membre<\/a><\/h1>\n<div>\n<p>La communaut\u00e9 des praticien:nes visuel:les s&#8217;agrandit &#8211; dans le monde entier et en Suisse. Fais-en partie et deviens membre de Visual Practitioners Switzerland &#8211; tu en tires de nombreux avantages.<\/p>\n<p>En devenant membre, tu soutiens et fa\u00e7onnes activement notre profession.<\/p>\n<\/div>\n<p>\n    <a href=\"https:\/\/visualpractitioners.ch\/register\/\">Qui, je veux en faire partie!<\/a>\n<\/p>\n<p><a href=\"https:\/\/visualpractitioners.ch\/?page_id=232\"><img decoding=\"async\" src=\"\/wp-content\/uploads\/2023\/09\/VPCH_Drop_Coloured-pink.png\" alt=\"\"><\/a><\/p>\n<h2>\n<p>Tes avantages en tant que membre<\/p>\n<\/h2>\n<h3>\n<p>Communaut\u00e9<\/p>\n<\/h3>\n<div>\n<p>Tu fais partie d&#8217;une grande communaut\u00e9 de personnes partageant les m\u00eames id\u00e9es. Tu as la possibilit\u00e9 de participer aux r\u00e9unions r\u00e9guli\u00e8res, tant en ligne qu&#8217;en personne. Nous y \u00e9changeons des id\u00e9es sur des sujets d\u2019actualit\u00e9 lies \u00e0 notre profession, nous d\u00e9veloppons notre r\u00e9seau et, bien s\u00fbr, nous nous saisissons toujours de nos feutres pour faire ce que nous aimons.<\/p>\n<p>En outre, tu as acc\u00e8s \u00e0 nos canaux, pour les \u00e9changes, les questions, le soutien mutuel et pour faire\/recevoir des demandes.<\/p>\n<\/div>\n<h3>\n<p>Visibilit\u00e9<\/p>\n<\/h3>\n<div>\n<p>Ton profil personnel figure sur le site web de Visual Practitioners Switzerland. Les clients potentiels interesses peuvent rechercher les profils selon des criteres pertinents tels que les services propos\u00e9s ou la langue &#8211; et trouver le profil en parfaite ad\u00e9quation avec leur demande.<\/p>\n<\/div>\n<p><img decoding=\"async\" src=\"\/wp-content\/uploads\/2023\/10\/visual-practitioners-switzerland-visibility.png\" alt=\"\"><\/p>\n<h3>Engagement<\/h3>\n<div>\n<p>Tu es au courant de tous les d\u00e9veloppements concernant notre profession de praticien:nes visuel:les. Tu as la possibilit\u00e9 de fa\u00e7onner activement l&#8217;avenir. En tant que membre, tu as ton mot \u00e0 dire sur les sujets abord\u00e9s lors des rencontres et tu t&#8217; impliques dans nos activit\u00e9s.<\/p>\n<\/div>\n<h3>\n<p>Avantages<\/p>\n<\/h3>\n<div>\n<p>En tant que membre, tu b\u00e9n\u00e9ficies d&#8217;une r\u00e9duction de 10% sur tout le mat\u00e9riel command\u00e9 aupr\u00e8s de NEULAND) Suisse (des exceptions comme les livres peuvent s&#8217;appliquer). Essayer de nouveaux stylos est encore plus amusant maintenant!<\/p>\n<\/div>\n<p>\n    <a href=\"https:\/\/visualpractitioners.ch\/register\/\">C&#8217;est parfait!<\/a>\n<\/p>\n<p><img decoding=\"async\" src=\"\/wp-content\/uploads\/2023\/10\/visual-practitioners-switzerland-goodies.png\" alt=\"\"><\/p>\n<h2>\n<p>Crit\u00e8res pour devenir membre<\/p>\n<\/h2>\n<div>\n<p>Nous voulons que les choses restent simples.\u00a0Trois est un chiffre magique, et il n&#8217;y a que trois crit\u00e8res pour devenir membre de Visual Practitioners Switzerland.<\/p>\n<ol>\n<li>Tu es domicili\u00e9:e en Suisse<\/li>\n<li>Tu as ton propre site web avec des offres dans le domaine de la visualisation\u00a0<\/li>\n<li>Le travail visuel repr\u00e9sente une grande partie de ton travail\/de ton temps de travail, que tu sois ind\u00e9pendant ou employ\u00e9.<\/li>\n<\/ol>\n<\/div>\n<p>\n    <a href=\"https:\/\/visualpractitioners.ch\/register\/\">C&#8217;est moi! Je souhaite m&#8217;inscrire<\/a>\n<\/p>\n<h2>\n<p>Devenir un fan<\/p>\n<\/h2>\n<div>\n<p>Tu ne r\u00e9ponds pas (encore) aux crit\u00e8res d&#8217;adh\u00e9sion?<\/p>\n<\/div>\n<h3>\n<p>Vos avantages en tant que fan<\/p>\n<\/h3>\n<h3>\n<p>Communaut\u00e9<\/p>\n<\/h3>\n<div>\n<p>Tu faiss partie d&#8217;une grande communaut\u00e9 de personnes partageant les m\u00eames id\u00e9es.\u00a0Tu as acc\u00e8s \u00e0 nos canaux o\u00f9 tu peux t&#8217;adresser \u00e0 des professionnels de la visualisation pour obtenir des informations sur tout ce qui concerne les visualisations.<\/p>\n<\/div>\n<h3>\n<p>Exp\u00e9rience<\/p>\n<\/h3>\n<div>\n<p>Possibilit\u00e9 d&#8217;accompagner des praticiens visuels exp\u00e9riment\u00e9s lors d&#8217;enregistrements graphiques et de regarder par-dessus leur \u00e9paule pendant qu&#8217;ils travaillent.\u00a0Tu apprends les meilleures pratiques sur le terrain.<\/p>\n<\/div>\n<h3>\n<p>D\u00e9veloppement<\/p>\n<\/h3>\n<div>\n<div class=\"flex flex-grow flex-col gap-3 max-w-full\">\n<div class=\"min-h-[20px] flex flex-col items-start gap-3 overflow-x-auto whitespace-pre-wrap break-words\">\n<div class=\"markdown prose w-full break-words dark:prose-invert light\">\n<p>Tu es bien inform\u00e9:e des derni\u00e8res avanc\u00e9es dans le domaine des pratiques visuelles et tu as la possibilit\u00e9 de jouer un r\u00f4le actif en influen\u00e7ant l&#8217;avenir.<\/p>\n<\/div>\n<\/div>\n<\/div>\n<\/div>\n<p>\n    <a href=\"https:\/\/visualpractitioners.ch\/become-supporter\/\">Je veux devenir un fan<\/a>\n<\/p>\n<h2>\n<p>Investissement<\/p>\n<\/h2>\n<h3>\n<p>Membre<\/p>\n<\/h3>\n<div>\n<p>Ton adh\u00e9sion active te donne droit \u00e0 tous les avantages \u00e9num\u00e9r\u00e9s.<\/p>\n<p>La souscription annuelle s&#8217;\u00e9l\u00e8ve \u00e0 CHF 120.-.<\/p>\n<p>Si tu deviens membre au cours du second semestre d&#8217;une ann\u00e9e civile, ta cotisation pour cette ann\u00e9e est de CHF 60.-<\/p>\n<\/div>\n<p>\n    <a href=\"https:\/\/visualpractitioners.ch\/register\/\">I want to become a member<\/a>\n<\/p>\n<h3>Fan<\/h3>\n<div>\n<p>Ton adh\u00e9sion passive est assortie d&#8217;une contribution annuelle de CHF 30.-.<\/p>\n<\/div>\n<p>\n    <a href=\"https:\/\/visualpractitioners.ch\/become-supporter\/\">Je veux devenir un fan<\/a>\n<\/p>\n<p><!--more--><br \/>\n<!-- {\"type\":\"layout\",\"children\":[{\"type\":\"section\",\"props\":{\"image_position\":\"center-center\",\"style\":\"default\",\"title_breakpoint\":\"xl\",\"title_position\":\"top-left\",\"title_rotation\":\"left\",\"vertical_align\":\"middle\",\"width\":\"default\"},\"children\":[{\"type\":\"row\",\"children\":[{\"type\":\"column\",\"props\":{\"image_position\":\"center-center\",\"position_sticky_breakpoint\":\"m\"},\"children\":[{\"type\":\"headline\",\"props\":{\"content\":\"Devenir membre\",\"link\":\"application\\\/\",\"link_target\":true,\"title_element\":\"h1\",\"title_style\":\"heading-small\"}}]}]},{\"type\":\"row\",\"props\":{\"layout\":\"2-3,1-3\"},\"children\":[{\"type\":\"column\",\"props\":{\"image_position\":\"center-center\",\"position_sticky_breakpoint\":\"m\",\"width_medium\":\"2-3\"},\"children\":[{\"type\":\"text\",\"props\":{\"column_breakpoint\":\"m\",\"content\":\"\n\n<p>La communaut\\u00e9 des praticien:nes visuel:les s'agrandit - dans le monde entier et en Suisse. Fais-en partie et deviens membre de Visual Practitioners Switzerland - tu en tires de nombreux avantages.<\\\/p>\\n\n\n<p>En devenant membre, tu soutiens et fa\\u00e7onnes activement notre profession.<\\\/p>\",\"margin\":\"default\"}},{\"type\":\"button\",\"props\":{\"grid_column_gap\":\"small\",\"grid_row_gap\":\"small\",\"margin\":\"default\"},\"children\":[{\"type\":\"button_item\",\"props\":{\"button_style\":\"default\",\"content\":\"Qui, je veux en faire partie!\",\"icon_align\":\"left\",\"link\":\"register\\\/\",\"link_target\":\"blank\",\"link_title\":\"Postulez maintenant\"}}]}]},{\"type\":\"column\",\"props\":{\"image_position\":\"center-center\",\"position_sticky_breakpoint\":\"m\",\"width_medium\":\"1-3\"},\"children\":[{\"type\":\"image\",\"props\":{\"image\":\"wp-content\\\/uploads\\\/2023\\\/09\\\/VPCH_Drop_Coloured-pink.png\",\"image_svg_color\":\"emphasis\",\"image_width\":\"200\",\"link\":\"application\\\/\",\"margin\":\"default\",\"visibility\":\"l\"}}]}]}],\"name\":\"H1\"},{\"type\":\"section\",\"props\":{\"id\":\"member-benefits\",\"image_position\":\"center-center\",\"style\":\"default\",\"title_breakpoint\":\"xl\",\"title_position\":\"top-left\",\"title_rotation\":\"left\",\"vertical_align\":\"middle\",\"width\":\"default\"},\"children\":[{\"type\":\"row\",\"children\":[{\"type\":\"column\",\"props\":{\"image_position\":\"center-center\",\"position_sticky_breakpoint\":\"m\"},\"children\":[{\"type\":\"headline\",\"props\":{\"content\":\"\n\n<p>Tes avantages en tant que membre<\\\/p>\",\"title_element\":\"h2\",\"title_style\":\"h1\"}}]}]},{\"type\":\"row\",\"props\":{\"layout\":\"2-3,1-3\"},\"children\":[{\"type\":\"column\",\"props\":{\"image_position\":\"center-center\",\"position_sticky_breakpoint\":\"m\",\"width_medium\":\"2-3\"},\"children\":[{\"type\":\"headline\",\"props\":{\"content\":\"\n\n<p>Communaut\\u00e9<\\\/p>\",\"title_element\":\"h3\",\"title_style\":\"h3\"}},{\"type\":\"text\",\"props\":{\"column_breakpoint\":\"m\",\"content\":\"\n\n<p>Tu fais partie d'une grande communaut\\u00e9 de personnes partageant les m\\u00eames id\\u00e9es. Tu as la possibilit\\u00e9 de participer aux r\\u00e9unions r\\u00e9guli\\u00e8res, tant en ligne qu'en personne. Nous y \\u00e9changeons des id\\u00e9es sur des sujets d\\u2019actualit\\u00e9 lies \\u00e0 notre profession, nous d\\u00e9veloppons notre r\\u00e9seau et, bien s\\u00fbr, nous nous saisissons toujours de nos feutres pour faire ce que nous aimons.<\\\/p>\\n\n\n<p>En outre, tu as acc\\u00e8s \\u00e0 nos canaux, pour les \\u00e9changes, les questions, le soutien mutuel et pour faire\\\/recevoir des demandes.<\\\/p>\",\"margin\":\"default\"}}]},{\"type\":\"column\",\"props\":{\"image_position\":\"center-center\",\"position_sticky_breakpoint\":\"m\",\"width_medium\":\"1-3\"}}]},{\"type\":\"row\",\"props\":{\"layout\":\"2-3,1-3\"},\"children\":[{\"type\":\"column\",\"props\":{\"image_position\":\"center-center\",\"position_sticky_breakpoint\":\"m\",\"width_medium\":\"2-3\"},\"children\":[{\"type\":\"headline\",\"props\":{\"content\":\"\n\n<p>Visibilit\\u00e9<\\\/p>\",\"title_element\":\"h3\",\"title_style\":\"h3\"}},{\"type\":\"text\",\"props\":{\"column_breakpoint\":\"m\",\"content\":\"\n\n<p>Ton profil personnel figure sur le site web de Visual Practitioners Switzerland. Les clients potentiels interesses peuvent rechercher les profils selon des criteres pertinents tels que les services propos\\u00e9s ou la langue - et trouver le profil en parfaite ad\\u00e9quation avec leur demande.<\\\/p>\",\"margin\":\"default\"}}]},{\"type\":\"column\",\"props\":{\"image_position\":\"center-center\",\"position_sticky_breakpoint\":\"m\",\"width_medium\":\"1-3\"},\"children\":[{\"type\":\"image\",\"props\":{\"image\":\"wp-content\\\/uploads\\\/2023\\\/10\\\/visual-practitioners-switzerland-visibility.png\",\"image_svg_color\":\"emphasis\",\"image_width\":\"200\",\"margin\":\"default\"}}]}]},{\"type\":\"row\",\"props\":{\"layout\":\"2-3,1-3\"},\"children\":[{\"type\":\"column\",\"props\":{\"image_position\":\"center-center\",\"position_sticky_breakpoint\":\"m\",\"width_medium\":\"2-3\"},\"children\":[{\"type\":\"headline\",\"props\":{\"content\":\"Engagement\",\"title_element\":\"h3\",\"title_style\":\"h3\"}},{\"type\":\"text\",\"props\":{\"column_breakpoint\":\"m\",\"content\":\"\n\n<p>Tu es au courant de tous les d\\u00e9veloppements concernant notre profession de praticien:nes visuel:les. Tu as la possibilit\\u00e9 de fa\\u00e7onner activement l'avenir. En tant que membre, tu as ton mot \\u00e0 dire sur les sujets abord\\u00e9s lors des rencontres et tu t' impliques dans nos activit\\u00e9s.<\\\/p>\",\"margin\":\"default\"}}]},{\"type\":\"column\",\"props\":{\"image_position\":\"center-center\",\"position_sticky_breakpoint\":\"m\",\"width_medium\":\"1-3\"}}]},{\"type\":\"row\",\"props\":{\"layout\":\"2-3,1-3\"},\"children\":[{\"type\":\"column\",\"props\":{\"image_position\":\"center-center\",\"position_sticky_breakpoint\":\"m\",\"width_medium\":\"2-3\"},\"children\":[{\"type\":\"headline\",\"props\":{\"content\":\"\n\n<p>Avantages<\\\/p>\",\"title_element\":\"h3\",\"title_style\":\"h3\"}},{\"type\":\"text\",\"props\":{\"column_breakpoint\":\"m\",\"content\":\"\n\n<p>En tant que membre, tu b\\u00e9n\\u00e9ficies d'une r\\u00e9duction de 10% sur tout le mat\\u00e9riel command\\u00e9 aupr\\u00e8s de NEULAND) Suisse (des exceptions comme les livres peuvent s'appliquer). Essayer de nouveaux stylos est encore plus amusant maintenant!<\\\/p>\",\"margin\":\"default\"}},{\"type\":\"button\",\"props\":{\"grid_column_gap\":\"small\",\"grid_row_gap\":\"small\",\"margin\":\"default\"},\"children\":[{\"type\":\"button_item\",\"props\":{\"button_style\":\"default\",\"content\":\"C'est parfait!\",\"icon_align\":\"left\",\"link\":\"register\\\/\",\"link_target\":\"blank\",\"link_title\":\"Postulez maintenant\"}}]},{\"type\":\"totop\",\"props\":{\"margin\":\"default\",\"title_grid_column_gap\":\"small\",\"title_grid_row_gap\":\"small\"}}]},{\"type\":\"column\",\"props\":{\"image_position\":\"center-center\",\"position_sticky_breakpoint\":\"m\",\"width_medium\":\"1-3\"},\"children\":[{\"type\":\"image\",\"props\":{\"image\":\"wp-content\\\/uploads\\\/2023\\\/10\\\/visual-practitioners-switzerland-goodies.png\",\"image_svg_color\":\"emphasis\",\"image_width\":\"200\",\"margin\":\"default\"}}]}]}],\"name\":\"Member Benefits\"},{\"type\":\"section\",\"props\":{\"id\":\"member-criteria\",\"image_position\":\"center-center\",\"style\":\"default\",\"title_breakpoint\":\"xl\",\"title_position\":\"top-left\",\"title_rotation\":\"left\",\"vertical_align\":\"middle\",\"width\":\"default\"},\"children\":[{\"type\":\"row\",\"children\":[{\"type\":\"column\",\"props\":{\"image_position\":\"center-center\",\"position_sticky_breakpoint\":\"m\"},\"children\":[{\"type\":\"headline\",\"props\":{\"content\":\"\n\n<p>Crit\\u00e8res pour devenir membre<\\\/p>\",\"title_element\":\"h2\",\"title_style\":\"h1\"}},{\"type\":\"text\",\"props\":{\"column_breakpoint\":\"m\",\"content\":\"\n\n<p>Nous voulons que les choses restent simples.\\u00a0Trois est un chiffre magique, et il n'y a que trois crit\\u00e8res pour devenir membre de Visual Practitioners Switzerland.<\\\/p>\\n\n\n<ol>\\n\n\n<li>Tu es domicili\\u00e9:e en Suisse<\\\/li>\\n\n\n<li>Tu as ton propre site web avec des offres dans le domaine de la visualisation\\u00a0<\\\/li>\\n\n\n<li>Le travail visuel repr\\u00e9sente une grande partie de ton travail\\\/de ton temps de travail, que tu sois ind\\u00e9pendant ou employ\\u00e9.<\\\/li>\\n<\\\/ol>\\n\n\n<p><\\\/p>\",\"margin\":\"default\"}},{\"type\":\"button\",\"props\":{\"grid_column_gap\":\"small\",\"grid_row_gap\":\"small\",\"margin\":\"default\"},\"children\":[{\"type\":\"button_item\",\"props\":{\"button_style\":\"default\",\"content\":\"C'est moi! Je souhaite m'inscrire\",\"icon_align\":\"left\",\"link\":\"register\\\/\",\"link_target\":\"blank\",\"link_title\":\"regsitrer\"}}]}]}]}],\"name\":\"Member Criteria\"},{\"type\":\"section\",\"props\":{\"id\":\"member-passive\",\"image_position\":\"center-center\",\"style\":\"default\",\"title_breakpoint\":\"xl\",\"title_position\":\"top-left\",\"title_rotation\":\"left\",\"vertical_align\":\"middle\",\"width\":\"default\"},\"children\":[{\"type\":\"row\",\"children\":[{\"type\":\"column\",\"props\":{\"image_position\":\"center-center\",\"position_sticky_breakpoint\":\"m\"},\"children\":[{\"type\":\"headline\",\"props\":{\"content\":\"\n\n<p>Devenir un fan<\\\/p>\",\"title_element\":\"h2\",\"title_style\":\"h1\"}},{\"type\":\"text\",\"props\":{\"column_breakpoint\":\"m\",\"content\":\"\n\n<p>Tu ne r\\u00e9ponds pas (encore) aux crit\\u00e8res d'adh\\u00e9sion?<\\\/p>\",\"margin\":\"default\"}}]}]},{\"type\":\"row\",\"children\":[{\"type\":\"column\",\"props\":{\"image_position\":\"center-center\",\"position_sticky_breakpoint\":\"m\"},\"children\":[{\"type\":\"headline\",\"props\":{\"content\":\"\n\n<p>Vos avantages en tant que fan<\\\/p>\",\"title_element\":\"h3\",\"title_style\":\"h3\"}}]}]},{\"type\":\"row\",\"props\":{\"layout\":\"1-3,1-3,1-3\"},\"children\":[{\"type\":\"column\",\"props\":{\"image_position\":\"center-center\",\"position_sticky_breakpoint\":\"m\",\"width_medium\":\"1-3\"},\"children\":[{\"type\":\"headline\",\"props\":{\"content\":\"\n\n<p>Communaut\\u00e9<\\\/p>\",\"title_element\":\"h3\",\"title_style\":\"h3\"}},{\"type\":\"text\",\"props\":{\"column_breakpoint\":\"m\",\"content\":\"\n\n<p>Tu faiss partie d'une grande communaut\\u00e9 de personnes partageant les m\\u00eames id\\u00e9es.\\u00a0Tu as acc\\u00e8s \\u00e0 nos canaux o\\u00f9 tu peux t'adresser \\u00e0 des professionnels de la visualisation pour obtenir des informations sur tout ce qui concerne les visualisations.<\\\/p>\",\"margin\":\"default\"}}]},{\"type\":\"column\",\"props\":{\"image_position\":\"center-center\",\"position_sticky_breakpoint\":\"m\",\"width_medium\":\"1-3\"},\"children\":[{\"type\":\"headline\",\"props\":{\"content\":\"\n\n<p>Exp\\u00e9rience<\\\/p>\",\"title_element\":\"h3\",\"title_style\":\"h3\"}},{\"type\":\"text\",\"props\":{\"column_breakpoint\":\"m\",\"content\":\"\n\n<p>Possibilit\\u00e9 d'accompagner des praticiens visuels exp\\u00e9riment\\u00e9s lors d'enregistrements graphiques et de regarder par-dessus leur \\u00e9paule pendant qu'ils travaillent.\\u00a0Tu apprends les meilleures pratiques sur le terrain.<\\\/p>\",\"margin\":\"default\"}}]},{\"type\":\"column\",\"props\":{\"image_position\":\"center-center\",\"position_sticky_breakpoint\":\"m\",\"width_medium\":\"1-3\"},\"children\":[{\"type\":\"headline\",\"props\":{\"content\":\"\n\n<p>D\\u00e9veloppement<\\\/p>\",\"title_element\":\"h3\",\"title_style\":\"h3\"}},{\"type\":\"text\",\"props\":{\"column_breakpoint\":\"m\",\"content\":\"\n\n<div class=\\\"flex flex-grow flex-col gap-3 max-w-full\\\">\\n\n\n<div class=\\\"min-h-[20px] flex flex-col items-start gap-3 overflow-x-auto whitespace-pre-wrap break-words\\\">\\n\n\n<div class=\\\"markdown prose w-full break-words dark:prose-invert light\\\">\\n\n\n<p>Tu es bien inform\\u00e9:e des derni\\u00e8res avanc\\u00e9es dans le domaine des pratiques visuelles et tu as la possibilit\\u00e9 de jouer un r\\u00f4le actif en influen\\u00e7ant l'avenir.<\\\/p>\\n<\\\/div>\\n<\\\/div>\\n<\\\/div>\",\"margin\":\"default\"}}]}]},{\"type\":\"row\",\"children\":[{\"type\":\"column\",\"props\":{\"image_position\":\"center-center\",\"position_sticky_breakpoint\":\"m\"},\"children\":[{\"type\":\"button\",\"props\":{\"grid_column_gap\":\"small\",\"grid_row_gap\":\"small\",\"margin\":\"default\"},\"children\":[{\"type\":\"button_item\",\"props\":{\"button_style\":\"default\",\"content\":\"Je veux devenir un fan\",\"icon_align\":\"left\",\"link\":\"become-supporter\\\/\"}}]},{\"type\":\"totop\",\"props\":{\"margin\":\"default\",\"title_grid_column_gap\":\"small\",\"title_grid_row_gap\":\"small\"}}]}]}],\"name\":\"Become a supporter\"},{\"type\":\"section\",\"props\":{\"id\":\"member-costs\",\"image_position\":\"center-center\",\"style\":\"default\",\"title_breakpoint\":\"xl\",\"title_position\":\"top-left\",\"title_rotation\":\"left\",\"vertical_align\":\"middle\",\"width\":\"default\"},\"children\":[{\"type\":\"row\",\"children\":[{\"type\":\"column\",\"props\":{\"image_position\":\"center-center\",\"position_sticky_breakpoint\":\"m\"},\"children\":[{\"type\":\"headline\",\"props\":{\"content\":\"\n\n<p>Investissement<\\\/p>\",\"title_element\":\"h2\",\"title_style\":\"h1\"}}]}]},{\"type\":\"row\",\"props\":{\"layout\":\"1-3,1-3,1-3\"},\"children\":[{\"type\":\"column\",\"props\":{\"image_position\":\"center-center\",\"position_sticky_breakpoint\":\"m\",\"width_medium\":\"1-3\"},\"children\":[{\"type\":\"headline\",\"props\":{\"content\":\"\n\n<p>Membre<\\\/p>\",\"title_element\":\"h3\",\"title_style\":\"h3\"}},{\"type\":\"text\",\"props\":{\"column_breakpoint\":\"m\",\"content\":\"\n\n<p>Ton adh\\u00e9sion active te donne droit \\u00e0 tous les avantages \\u00e9num\\u00e9r\\u00e9s.<\\\/p>\\n\n\n<p>La souscription annuelle s'\\u00e9l\\u00e8ve \\u00e0 CHF 120.-.<\\\/p>\\n\n\n<p>Si tu deviens membre au cours du second semestre d'une ann\\u00e9e civile, ta cotisation pour cette ann\\u00e9e est de CHF 60.-<\\\/p>\",\"margin\":\"default\"}},{\"type\":\"button\",\"props\":{\"grid_column_gap\":\"small\",\"grid_row_gap\":\"small\",\"margin\":\"default\"},\"children\":[{\"type\":\"button_item\",\"props\":{\"button_style\":\"default\",\"content\":\"I want to become a member\",\"icon_align\":\"left\",\"link\":\"register\\\/\",\"link_target\":\"blank\",\"link_title\":\"Apply now\"}}]}]},{\"type\":\"column\",\"props\":{\"image_position\":\"center-center\",\"position_sticky_breakpoint\":\"m\",\"width_medium\":\"1-3\"},\"children\":[{\"type\":\"headline\",\"props\":{\"content\":\"Fan\",\"title_element\":\"h3\",\"title_style\":\"h3\"}},{\"type\":\"text\",\"props\":{\"column_breakpoint\":\"m\",\"content\":\"\n\n<p>Ton adh\\u00e9sion passive est assortie d'une contribution annuelle de CHF 30.-.<\\\/p>\",\"margin\":\"default\"}},{\"type\":\"button\",\"props\":{\"grid_column_gap\":\"small\",\"grid_row_gap\":\"small\",\"margin\":\"default\"},\"children\":[{\"type\":\"button_item\",\"props\":{\"button_style\":\"default\",\"content\":\"Je veux devenir un fan\",\"icon_align\":\"left\",\"link\":\"become-supporter\\\/\"}}]},{\"type\":\"totop\",\"props\":{\"margin\":\"default\",\"title_grid_column_gap\":\"small\",\"title_grid_row_gap\":\"small\"}}]},{\"type\":\"column\",\"props\":{\"image_position\":\"center-center\",\"position_sticky_breakpoint\":\"m\",\"width_medium\":\"1-3\"}}]}],\"name\":\"Member Costs\"}],\"version\":\"4.0.11\"} --><\/p>\n","protected":false},"excerpt":{"rendered":"<p>Devenir membre La communaut\u00e9 des praticien:nes visuel:les s&#8217;agrandit &#8211; dans le monde entier et en Suisse. Fais-en partie et deviens membre de Visual Practitioners Switzerland &#8211; tu en tires de nombreux avantages. En devenant membre, tu soutiens et fa\u00e7onnes activement notre profession. Qui, je veux en faire partie! Tes avantages en tant que membre Communaut\u00e9 [&hellip;]<\/p>\n","protected":false},"author":1,"featured_media":0,"parent":0,"menu_order":0,"comment_status":"closed","ping_status":"closed","template":"","meta":{"footnotes":""},"class_list":["post-481","page","type-page","status-publish","hentry"],"_links":{"self":[{"href":"https:\/\/visualpractitioners.ch\/fr\/wp-json\/wp\/v2\/pages\/481","targetHints":{"allow":["GET"]}}],"collection":[{"href":"https:\/\/visualpractitioners.ch\/fr\/wp-json\/wp\/v2\/pages"}],"about":[{"href":"https:\/\/visualpractitioners.ch\/fr\/wp-json\/wp\/v2\/types\/page"}],"author":[{"embeddable":true,"href":"https:\/\/visualpractitioners.ch\/fr\/wp-json\/wp\/v2\/users\/1"}],"replies":[{"embeddable":true,"href":"https:\/\/visualpractitioners.ch\/fr\/wp-json\/wp\/v2\/comments?post=481"}],"version-history":[{"count":3,"href":"https:\/\/visualpractitioners.ch\/fr\/wp-json\/wp\/v2\/pages\/481\/revisions"}],"predecessor-version":[{"id":491,"href":"https:\/\/visualpractitioners.ch\/fr\/wp-json\/wp\/v2\/pages\/481\/revisions\/491"}],"wp:attachment":[{"href":"https:\/\/visualpractitioners.ch\/fr\/wp-json\/wp\/v2\/media?parent=481"}],"curies":[{"name":"wp","href":"https:\/\/api.w.org\/{rel}","templated":true}]}}